{"id":2816,"date":"2024-11-06T13:37:08","date_gmt":"2024-11-06T12:37:08","guid":{"rendered":"https:\/\/archinterior.pl\/?post_type=portfolio&#038;p=2816"},"modified":"2024-12-06T13:27:20","modified_gmt":"2024-12-06T12:27:20","slug":"apartament_warszawa_powisle","status":"publish","type":"portfolio","link":"https:\/\/archinterior.pl\/index.php\/portfolio-item\/apartament_warszawa_powisle\/","title":{"rendered":"Apartament w stylu Vintage"},"content":{"rendered":"\n<div class=\"wp-block-group has-small-font-size is-vertical is-layout-flex wp-container-core-group-is-layout-8cf370e7 wp-block-group-is-layout-flex\">\n<figure class=\"wp-block-gallery aligncenter has-nested-images columns-2 is-cropped wp-block-gallery-1 wp-container-content-9cfa9a5a is-layout-flex wp-block-gallery-is-layout-flex\"><div class=\"wp-block-image\">\n<figure class=\"aligncenter size-full\"><a href=\"https:\/\/archinterior.pl\/wp-content\/uploads\/AndTradition.jpg\"><img loading=\"lazy\" decoding=\"async\" width=\"1920\" height=\"1273\" data-id=\"2804\" src=\"https:\/\/archinterior.pl\/wp-content\/uploads\/AndTradition.jpg\" alt=\"\" class=\"wp-image-2804\" srcset=\"https:\/\/archinterior.pl\/wp-content\/uploads\/AndTradition.jpg 1920w, https:\/\/archinterior.pl\/wp-content\/uploads\/AndTradition-300x199.jpg 300w, https:\/\/archinterior.pl\/wp-content\/uploads\/AndTradition-1024x679.jpg 1024w, https:\/\/archinterior.pl\/wp-content\/uploads\/AndTradition-768x509.jpg 768w, https:\/\/archinterior.pl\/wp-content\/uploads\/AndTradition-1536x1018.jpg 1536w, https:\/\/archinterior.pl\/wp-content\/uploads\/AndTradition-113x75.jpg 113w, https:\/\/archinterior.pl\/wp-content\/uploads\/AndTradition-480x318.jpg 480w\" sizes=\"auto, (max-width:767px) 480px, (max-width:1920px) 100vw, 1920px\" \/><\/a><figcaption class=\"wp-element-caption\">Mieszkanie na Warszawskim Powi\u015blu w przedwojennej kamienicy<br><br>Apartament na warszawskim Powi\u015blu to doskona\u0142y przyk\u0142ad udanego po\u0142\u0105czenia klasycznego uroku przedwojennej kamienicy z nowoczesnymi trendami w aran\u017cacji wn\u0119trz. Mieszkanie, znajduj\u0105ce si\u0119 w zabytkowym, modernistycznym budynku z lat 30. XX wieku, przesz\u0142o gruntowny remont, kt\u00f3ry ca\u0142kowicie odmieni\u0142 jego wn\u0119trze. Przestrze\u0144 zosta\u0142a przekszta\u0142cona w eleganckie, pe\u0142ne \u015bwiat\u0142a mieszkanie, kt\u00f3re \u0142\u0105czy najlepsze cechy stylu Vintage z funkcjonalno\u015bci\u0105 wsp\u00f3\u0142czesnego designu. W efekcie powsta\u0142a unikalna przestrze\u0144, inspirowana paryskimi kamienicami, kt\u00f3ra zachowuje szlachetno\u015b\u0107 przesz\u0142o\u015bci, ale doskonale odpowiada na potrzeby wsp\u00f3\u0142czesnych mieszka\u0144c\u00f3w.G\u0142\u00f3wnym celem remontu by\u0142o stworzenie przestronnej, otwartej i harmonijnej przestrzeni, w kt\u00f3rej r\u00f3\u017cne strefy \u017cycia \u2013 dzienna, kuchenna, jadalna i prywatna \u2013 p\u0142ynnie si\u0119 \u0142\u0105cz\u0105. Zamiast tradycyjnych, ciasnych pomieszcze\u0144, mieszkanie zosta\u0142o zaprojektowane jako jednolita przestrze\u0144, w kt\u00f3rej dominuj\u0105 subtelne granice mi\u0119dzy strefami. Dwa pokoje zosta\u0142y przekszta\u0142cone w przestronny salon z cz\u0119\u015bci\u0105 jadaln\u0105 i nowoczesnym aneksem kuchennym. Dzi\u0119ki otwartemu uk\u0142adowi, wn\u0119trze jest pe\u0142ne naturalnego \u015bwiat\u0142a, kt\u00f3re wype\u0142nia je od wschodu do zachodu, a du\u017ce okna i przeszklone drzwi pozwalaj\u0105 na podziwianie malowniczych widok\u00f3w na zielone tereny Powi\u015bla.<\/figcaption><\/figure>\n<\/div>\n\n\n<figure class=\"wp-block-image size-full\"><a href=\"https:\/\/archinterior.pl\/wp-content\/uploads\/SzafaFabrkaWnetrz.jpg\"><img loading=\"lazy\" decoding=\"async\" width=\"1288\" height=\"1920\" data-id=\"2815\" src=\"https:\/\/archinterior.pl\/wp-content\/uploads\/SzafaFabrkaWnetrz.jpg\" alt=\"\" class=\"wp-image-2815\" srcset=\"https:\/\/archinterior.pl\/wp-content\/uploads\/SzafaFabrkaWnetrz.jpg 1288w, https:\/\/archinterior.pl\/wp-content\/uploads\/SzafaFabrkaWnetrz-201x300.jpg 201w, https:\/\/archinterior.pl\/wp-content\/uploads\/SzafaFabrkaWnetrz-687x1024.jpg 687w, https:\/\/archinterior.pl\/wp-content\/uploads\/SzafaFabrkaWnetrz-768x1145.jpg 768w, https:\/\/archinterior.pl\/wp-content\/uploads\/SzafaFabrkaWnetrz-1030x1536.jpg 1030w, https:\/\/archinterior.pl\/wp-content\/uploads\/SzafaFabrkaWnetrz-50x75.jpg 50w, https:\/\/archinterior.pl\/wp-content\/uploads\/SzafaFabrkaWnetrz-480x716.jpg 480w\" sizes=\"auto, (max-width:767px) 480px, (max-width:1288px) 100vw, 1288px\" \/><\/a><\/figure>\n\n\n\n<figure class=\"wp-block-image size-full\"><a href=\"https:\/\/archinterior.pl\/wp-content\/uploads\/NemoLeCorbusier.jpg\"><img loading=\"lazy\" decoding=\"async\" width=\"1646\" height=\"1920\" data-id=\"2814\" src=\"https:\/\/archinterior.pl\/wp-content\/uploads\/NemoLeCorbusier.jpg\" alt=\"\" class=\"wp-image-2814\" srcset=\"https:\/\/archinterior.pl\/wp-content\/uploads\/NemoLeCorbusier.jpg 1646w, https:\/\/archinterior.pl\/wp-content\/uploads\/NemoLeCorbusier-257x300.jpg 257w, https:\/\/archinterior.pl\/wp-content\/uploads\/NemoLeCorbusier-878x1024.jpg 878w, https:\/\/archinterior.pl\/wp-content\/uploads\/NemoLeCorbusier-768x896.jpg 768w, https:\/\/archinterior.pl\/wp-content\/uploads\/NemoLeCorbusier-1317x1536.jpg 1317w, https:\/\/archinterior.pl\/wp-content\/uploads\/NemoLeCorbusier-64x75.jpg 64w, https:\/\/archinterior.pl\/wp-content\/uploads\/NemoLeCorbusier-480x560.jpg 480w\" sizes=\"auto, (max-width:767px) 480px, (max-width:1646px) 100vw, 1646px\" \/><\/a><\/figure>\n\n\n<div class=\"wp-block-image\">\n<figure class=\"aligncenter size-full\"><a href=\"https:\/\/archinterior.pl\/wp-content\/uploads\/366Concept-1.jpg\"><img loading=\"lazy\" decoding=\"async\" width=\"1920\" height=\"1316\" data-id=\"2817\" src=\"https:\/\/archinterior.pl\/wp-content\/uploads\/366Concept-1.jpg\" alt=\"\" class=\"wp-image-2817\" srcset=\"https:\/\/archinterior.pl\/wp-content\/uploads\/366Concept-1.jpg 1920w, https:\/\/archinterior.pl\/wp-content\/uploads\/366Concept-1-300x206.jpg 300w, https:\/\/archinterior.pl\/wp-content\/uploads\/366Concept-1-1024x702.jpg 1024w, https:\/\/archinterior.pl\/wp-content\/uploads\/366Concept-1-768x526.jpg 768w, https:\/\/archinterior.pl\/wp-content\/uploads\/366Concept-1-1536x1053.jpg 1536w, https:\/\/archinterior.pl\/wp-content\/uploads\/366Concept-1-109x75.jpg 109w, https:\/\/archinterior.pl\/wp-content\/uploads\/366Concept-1-480x329.jpg 480w\" sizes=\"auto, (max-width:767px) 480px, (max-width:1920px) 100vw, 1920px\" \/><\/a><figcaption class=\"wp-element-caption\">Aneks kuchenny stanowi serce mieszkania. Zosta\u0142 zaprojektowany z dba\u0142o\u015bci\u0105 o detale i funkcjonalno\u015b\u0107 \u2013 elegancka zabudowa z widoczn\u0105 struktur\u0105 drewna harmonijnie \u0142\u0105czy si\u0119 z subtelnymi, wzorzystymi p\u0142ytkami, kt\u00f3re stanowi\u0105 nawi\u0105zanie do przedwojennego charakteru budynku. Kuchnia p\u0142ynnie przechodzi w cz\u0119\u015b\u0107 jadalnian\u0105, kt\u00f3ra bezpo\u015brednio s\u0105siaduje z salonem. Taki uk\u0142ad sprawia, \u017ce przestrze\u0144 jest nie tylko estetyczna, ale tak\u017ce wyj\u0105tkowo funkcjonalna i sprzyja swobodnemu przep\u0142ywowi mi\u0119dzy poszczeg\u00f3lnymi strefami.<br>Sypialnia zosta\u0142a oddzielona od cz\u0119\u015bci dziennej za pomoc\u0105 wysokich, dwuskrzyd\u0142owych drzwi francuskich, kt\u00f3re nie tylko pe\u0142ni\u0105 funkcj\u0119 przej\u015bcia, ale r\u00f3wnie\u017c wprowadzaj\u0105 do wn\u0119trza wi\u0119cej przestronno\u015bci i \u015bwiat\u0142a. Z kolei przeszklona \u015bciana, kt\u00f3ra prowadzi na zewn\u0119trzny balkon, umo\u017cliwia podziwianie panoramy Warszawy, a r\u00f3wnocze\u015bnie daje poczucie otwarto\u015bci. Francuskie drzwi, typowe dla paryskich kamienic, dodaj\u0105 wn\u0119trzu elegancji i klasy, zachowuj\u0105c jednocze\u015bnie subtelny podzia\u0142 pomieszcze\u0144. Takie rozwi\u0105zanie jest jednym z kluczowych element\u00f3w, kt\u00f3re wyr\u00f3\u017cniaj\u0105 to mieszkanie \u2013 wprowadza lekko\u015b\u0107 i przestronno\u015b\u0107, kt\u00f3re nadaj\u0105 mu wyj\u0105tkowego charakteru.<\/figcaption><\/figure>\n<\/div>\n\n\n<figure class=\"wp-block-image size-full\"><a href=\"https:\/\/archinterior.pl\/wp-content\/uploads\/Formakami.jpg\"><img loading=\"lazy\" decoding=\"async\" width=\"1279\" height=\"1920\" data-id=\"2809\" src=\"https:\/\/archinterior.pl\/wp-content\/uploads\/Formakami.jpg\" alt=\"\" class=\"wp-image-2809\" srcset=\"https:\/\/archinterior.pl\/wp-content\/uploads\/Formakami.jpg 1279w, https:\/\/archinterior.pl\/wp-content\/uploads\/Formakami-200x300.jpg 200w, https:\/\/archinterior.pl\/wp-content\/uploads\/Formakami-682x1024.jpg 682w, https:\/\/archinterior.pl\/wp-content\/uploads\/Formakami-768x1153.jpg 768w, https:\/\/archinterior.pl\/wp-content\/uploads\/Formakami-1023x1536.jpg 1023w, https:\/\/archinterior.pl\/wp-content\/uploads\/Formakami-50x75.jpg 50w, https:\/\/archinterior.pl\/wp-content\/uploads\/Formakami-480x721.jpg 480w\" sizes=\"auto, (max-width:767px) 480px, (max-width:1279px) 100vw, 1279px\" \/><\/a><\/figure>\n\n\n\n<figure class=\"wp-block-image size-full\"><a href=\"https:\/\/archinterior.pl\/wp-content\/uploads\/FabrykaWnetrz.jpg\"><img loading=\"lazy\" decoding=\"async\" width=\"1371\" height=\"1920\" data-id=\"2808\" src=\"https:\/\/archinterior.pl\/wp-content\/uploads\/FabrykaWnetrz.jpg\" alt=\"\" class=\"wp-image-2808\" srcset=\"https:\/\/archinterior.pl\/wp-content\/uploads\/FabrykaWnetrz.jpg 1371w, https:\/\/archinterior.pl\/wp-content\/uploads\/FabrykaWnetrz-214x300.jpg 214w, https:\/\/archinterior.pl\/wp-content\/uploads\/FabrykaWnetrz-731x1024.jpg 731w, https:\/\/archinterior.pl\/wp-content\/uploads\/FabrykaWnetrz-768x1076.jpg 768w, https:\/\/archinterior.pl\/wp-content\/uploads\/FabrykaWnetrz-1097x1536.jpg 1097w, https:\/\/archinterior.pl\/wp-content\/uploads\/FabrykaWnetrz-54x75.jpg 54w, https:\/\/archinterior.pl\/wp-content\/uploads\/FabrykaWnetrz-480x672.jpg 480w\" sizes=\"auto, (max-width:767px) 480px, (max-width:1371px) 100vw, 1371px\" \/><\/a><\/figure>\n\n\n<div class=\"wp-block-image\">\n<figure class=\"aligncenter size-full\"><a href=\"https:\/\/archinterior.pl\/wp-content\/uploads\/NapLen.jpg\"><img loading=\"lazy\" decoding=\"async\" width=\"1920\" height=\"1280\" data-id=\"2812\" src=\"https:\/\/archinterior.pl\/wp-content\/uploads\/NapLen.jpg\" alt=\"\" class=\"wp-image-2812\" srcset=\"https:\/\/archinterior.pl\/wp-content\/uploads\/NapLen.jpg 1920w, https:\/\/archinterior.pl\/wp-content\/uploads\/NapLen-300x200.jpg 300w, https:\/\/archinterior.pl\/wp-content\/uploads\/NapLen-1024x683.jpg 1024w, https:\/\/archinterior.pl\/wp-content\/uploads\/NapLen-768x512.jpg 768w, https:\/\/archinterior.pl\/wp-content\/uploads\/NapLen-1536x1024.jpg 1536w, https:\/\/archinterior.pl\/wp-content\/uploads\/NapLen-113x75.jpg 113w, https:\/\/archinterior.pl\/wp-content\/uploads\/NapLen-480x320.jpg 480w\" sizes=\"auto, (max-width:767px) 480px, (max-width:1920px) 100vw, 1920px\" \/><\/a><figcaption class=\"wp-element-caption\">W projekcie du\u017c\u0105 wag\u0119 przy\u0142o\u017cono do materia\u0142\u00f3w i detali, kt\u00f3re nadaj\u0105 wn\u0119trzu niepowtarzalnego charakteru. Oryginalny, odrestaurowany d\u0119bowy parkiet, kt\u00f3ry zdobi ca\u0142e mieszkanie, zosta\u0142 starannie odnowiony. W kuchni, \u0142azience i przedpokoju zastosowano mozaiki, kt\u00f3re nawi\u0105zuj\u0105 do wzor\u00f3w przedwojennych kamienic, wprowadzaj\u0105c subtelny akcent vintage i jednocze\u015bnie uzupe\u0142niaj\u0105c nowoczesny design wn\u0119trza. Wysokiej jako\u015bci materia\u0142y, takie jak drewno, kamie\u0144, tkaniny naturalne i metal, tworz\u0105 sp\u00f3jn\u0105 kompozycj\u0119, kt\u00f3ra emanuje elegancj\u0105 i ciep\u0142em.<br>Meble, wykonane na specjalne zam\u00f3wienie, zosta\u0142y zaprojektowane w taki spos\u00f3b, by wsp\u00f3\u0142gra\u0142y z ca\u0142ym wystrojem i doskonale pasowa\u0142y do charakteru mieszkania. Meble kuchenne na specjalne zam\u00f3wienie zosta\u0142y wykonane przez Fabryk\u0119 Wn\u0119trz. Wysokiej jako\u015bci lite drewno d\u0119bowe pojawia si\u0119 zar\u00f3wno w meblach kuchennych, jak i w przestrzeni jadalnej, gdzie znajduje si\u0119 solidny, klasyczny st\u00f3\u0142 z drewnianymi krzes\u0142ami. Zabudowa kuchenna, przypominaj\u0105ca eleganck\u0105 komod\u0119 z przeszklon\u0105 witryn\u0105, jest zarazem funkcjonalna i dekoracyjna, a nowoczesne urz\u0105dzenia AGD zapewniaj\u0105 wygod\u0119 codziennego u\u017cytkowania.<br>W salonie znajduj\u0105 si\u0119 tak\u017ce akcenty vintage, takie jak meble du\u0144skie inspirowane stylistyk\u0105 lat 60, kt\u00f3re wnosz\u0105 do wn\u0119trza subteln\u0105 elegancj\u0119. Designerskie lampy, w tym delikatna lampa inspirowana azjatyckimi lampionami, wykonana z papieru ry\u017cowego i drewna d\u0119bowego, wprowadzaj\u0105 do mieszkania lekko\u015b\u0107 i subteln\u0105 elegancj\u0119. Wszystkie elementy wystroju s\u0105 starannie dobrane, by tworzy\u0142y sp\u00f3jn\u0105 ca\u0142o\u015b\u0107, kt\u00f3ra odzwierciedla wsp\u00f3\u0142czesne trendy, a jednocze\u015bnie zachowuje szlachetno\u015b\u0107 i klasyczn\u0105 elegancj\u0119.<\/figcaption><\/figure>\n<\/div>\n\n\n<figure class=\"wp-block-image size-full\"><a href=\"https:\/\/archinterior.pl\/wp-content\/uploads\/AxorCiterio.jpg\"><img loading=\"lazy\" decoding=\"async\" width=\"1280\" height=\"1920\" data-id=\"2806\" src=\"https:\/\/archinterior.pl\/wp-content\/uploads\/AxorCiterio.jpg\" alt=\"\" class=\"wp-image-2806\" srcset=\"https:\/\/archinterior.pl\/wp-content\/uploads\/AxorCiterio.jpg 1280w, https:\/\/archinterior.pl\/wp-content\/uploads\/AxorCiterio-200x300.jpg 200w, https:\/\/archinterior.pl\/wp-content\/uploads\/AxorCiterio-683x1024.jpg 683w, https:\/\/archinterior.pl\/wp-content\/uploads\/AxorCiterio-768x1152.jpg 768w, https:\/\/archinterior.pl\/wp-content\/uploads\/AxorCiterio-1024x1536.jpg 1024w, https:\/\/archinterior.pl\/wp-content\/uploads\/AxorCiterio-50x75.jpg 50w, https:\/\/archinterior.pl\/wp-content\/uploads\/AxorCiterio-480x720.jpg 480w\" sizes=\"auto, (max-width:767px) 480px, (max-width:1280px) 100vw, 1280px\" \/><\/a><\/figure>\n\n\n\n<figure class=\"wp-block-image size-full\"><a href=\"https:\/\/archinterior.pl\/wp-content\/uploads\/BetweenChair.jpg\"><img loading=\"lazy\" decoding=\"async\" width=\"1600\" height=\"1920\" data-id=\"2807\" src=\"https:\/\/archinterior.pl\/wp-content\/uploads\/BetweenChair.jpg\" alt=\"\" class=\"wp-image-2807\" srcset=\"https:\/\/archinterior.pl\/wp-content\/uploads\/BetweenChair.jpg 1600w, https:\/\/archinterior.pl\/wp-content\/uploads\/BetweenChair-250x300.jpg 250w, https:\/\/archinterior.pl\/wp-content\/uploads\/BetweenChair-853x1024.jpg 853w, https:\/\/archinterior.pl\/wp-content\/uploads\/BetweenChair-768x922.jpg 768w, https:\/\/archinterior.pl\/wp-content\/uploads\/BetweenChair-1280x1536.jpg 1280w, https:\/\/archinterior.pl\/wp-content\/uploads\/BetweenChair-63x75.jpg 63w, https:\/\/archinterior.pl\/wp-content\/uploads\/BetweenChair-480x576.jpg 480w\" sizes=\"auto, (max-width:767px) 480px, (max-width:1600px) 100vw, 1600px\" \/><\/a><\/figure>\n\n\n\n<figure class=\"wp-block-image size-full\"><a href=\"https:\/\/archinterior.pl\/wp-content\/uploads\/NapNarzuta.jpg\"><img loading=\"lazy\" decoding=\"async\" width=\"1289\" height=\"1920\" data-id=\"2813\" src=\"https:\/\/archinterior.pl\/wp-content\/uploads\/NapNarzuta.jpg\" alt=\"\" class=\"wp-image-2813\" srcset=\"https:\/\/archinterior.pl\/wp-content\/uploads\/NapNarzuta.jpg 1289w, https:\/\/archinterior.pl\/wp-content\/uploads\/NapNarzuta-201x300.jpg 201w, https:\/\/archinterior.pl\/wp-content\/uploads\/NapNarzuta-687x1024.jpg 687w, https:\/\/archinterior.pl\/wp-content\/uploads\/NapNarzuta-768x1144.jpg 768w, https:\/\/archinterior.pl\/wp-content\/uploads\/NapNarzuta-1031x1536.jpg 1031w, https:\/\/archinterior.pl\/wp-content\/uploads\/NapNarzuta-50x75.jpg 50w, https:\/\/archinterior.pl\/wp-content\/uploads\/NapNarzuta-480x715.jpg 480w\" sizes=\"auto, (max-width:767px) 480px, (max-width:1289px) 100vw, 1289px\" \/><\/a><\/figure>\n\n\n\n<figure class=\"wp-block-image size-full\"><a href=\"https:\/\/archinterior.pl\/wp-content\/uploads\/AndTraditionLight.jpg\"><img loading=\"lazy\" decoding=\"async\" width=\"1350\" height=\"1920\" data-id=\"2805\" src=\"https:\/\/archinterior.pl\/wp-content\/uploads\/AndTraditionLight.jpg\" alt=\"\" class=\"wp-image-2805\" srcset=\"https:\/\/archinterior.pl\/wp-content\/uploads\/AndTraditionLight.jpg 1350w, https:\/\/archinterior.pl\/wp-content\/uploads\/AndTraditionLight-211x300.jpg 211w, https:\/\/archinterior.pl\/wp-content\/uploads\/AndTraditionLight-720x1024.jpg 720w, https:\/\/archinterior.pl\/wp-content\/uploads\/AndTraditionLight-768x1092.jpg 768w, https:\/\/archinterior.pl\/wp-content\/uploads\/AndTraditionLight-1080x1536.jpg 1080w, https:\/\/archinterior.pl\/wp-content\/uploads\/AndTraditionLight-53x75.jpg 53w, https:\/\/archinterior.pl\/wp-content\/uploads\/AndTraditionLight-480x683.jpg 480w\" sizes=\"auto, (max-width:767px) 480px, (max-width:1350px) 100vw, 1350px\" \/><\/a><\/figure>\n\n\n<div class=\"wp-block-image\">\n<figure class=\"aligncenter size-full\"><a href=\"https:\/\/archinterior.pl\/wp-content\/uploads\/MarazziD_Segni01.jpg\"><img loading=\"lazy\" decoding=\"async\" width=\"1920\" height=\"1279\" data-id=\"2810\" src=\"https:\/\/archinterior.pl\/wp-content\/uploads\/MarazziD_Segni01.jpg\" alt=\"\" class=\"wp-image-2810\" srcset=\"https:\/\/archinterior.pl\/wp-content\/uploads\/MarazziD_Segni01.jpg 1920w, https:\/\/archinterior.pl\/wp-content\/uploads\/MarazziD_Segni01-300x200.jpg 300w, https:\/\/archinterior.pl\/wp-content\/uploads\/MarazziD_Segni01-1024x682.jpg 1024w, https:\/\/archinterior.pl\/wp-content\/uploads\/MarazziD_Segni01-768x512.jpg 768w, https:\/\/archinterior.pl\/wp-content\/uploads\/MarazziD_Segni01-1536x1023.jpg 1536w, https:\/\/archinterior.pl\/wp-content\/uploads\/MarazziD_Segni01-113x75.jpg 113w, https:\/\/archinterior.pl\/wp-content\/uploads\/MarazziD_Segni01-480x320.jpg 480w\" sizes=\"auto, (max-width:767px) 480px, (max-width:1920px) 100vw, 1920px\" \/><\/a><figcaption class=\"wp-element-caption\">Kolorystyka mieszkania jest stonowana, z dominuj\u0105cymi odcieniami bieli, be\u017cy, szaro\u015bci oraz subtelnymi akcentami zieleni, kt\u00f3re wsp\u00f3\u0142graj\u0105 z otaczaj\u0105c\u0105 przestrzeni\u0105. Ciep\u0142e tkaniny, takie jak lniane zas\u0142ony i we\u0142niane tapicerki, w po\u0142\u0105czeniu z drewnem i kamieniem, tworz\u0105 atmosfer\u0119 przytulno\u015bci i spokoju. Mieszkanie zosta\u0142o zaprojektowane z my\u015bl\u0105 o komforcie i relaksie, a jego jasne wn\u0119trza sprzyjaj\u0105 odpoczynkowi i wyciszeniu.<br>Jednym z najpi\u0119kniejszych aspekt\u00f3w tego mieszkania jest spos\u00f3b, w jaki projekt \u0142\u0105czy histori\u0119 z nowoczesno\u015bci\u0105. Opr\u00f3cz starannie wybranych materia\u0142\u00f3w, takich jak drewno i kamie\u0144, w aran\u017cacji znalaz\u0142y si\u0119 r\u00f3wnie\u017c oryginalne, historyczne elementy. Przyk\u0142adem mo\u017ce by\u0107 biurko wykonane z przekszta\u0142conego stela\u017ca maszyny Singera, kt\u00f3re w ciekawy spos\u00f3b wpisuje si\u0119 w estetyk\u0119 mieszkania i stanowi unikalny punkt, do kt\u00f3rego warto wraca\u0107. Tego rodzaju detale, kt\u00f3re \u0142\u0105cz\u0105 przesz\u0142o\u015b\u0107 z nowoczesno\u015bci\u0105, dodaj\u0105 wn\u0119trzu wyj\u0105tkowego charakteru, a jednocze\u015bnie tworz\u0105 przestrze\u0144 pe\u0142n\u0105 historii i osobistego klimatu.<\/figcaption><\/figure>\n<\/div>\n\n<div class=\"wp-block-image\">\n<figure class=\"aligncenter size-full\"><a href=\"https:\/\/archinterior.pl\/wp-content\/uploads\/MarazziD_Segni02.jpg\"><img loading=\"lazy\" decoding=\"async\" width=\"1268\" height=\"1920\" data-id=\"2811\" src=\"https:\/\/archinterior.pl\/wp-content\/uploads\/MarazziD_Segni02.jpg\" alt=\"\" class=\"wp-image-2811\" srcset=\"https:\/\/archinterior.pl\/wp-content\/uploads\/MarazziD_Segni02.jpg 1268w, https:\/\/archinterior.pl\/wp-content\/uploads\/MarazziD_Segni02-198x300.jpg 198w, https:\/\/archinterior.pl\/wp-content\/uploads\/MarazziD_Segni02-676x1024.jpg 676w, https:\/\/archinterior.pl\/wp-content\/uploads\/MarazziD_Segni02-768x1163.jpg 768w, https:\/\/archinterior.pl\/wp-content\/uploads\/MarazziD_Segni02-1014x1536.jpg 1014w, https:\/\/archinterior.pl\/wp-content\/uploads\/MarazziD_Segni02-50x75.jpg 50w, https:\/\/archinterior.pl\/wp-content\/uploads\/MarazziD_Segni02-480x727.jpg 480w\" sizes=\"auto, (max-width:767px) 480px, (max-width:1268px) 100vw, 1268px\" \/><\/a><figcaption class=\"wp-element-caption\">Ca\u0142o\u015b\u0107 mieszkania to przemy\u015blane po\u0142\u0105czenie klasycznej elegancji i nowoczesnej funkcjonalno\u015bci. Jest to przestrze\u0144, kt\u00f3ra spe\u0142nia wszystkie potrzeby wsp\u00f3\u0142czesnego mieszka\u0144ca \u2013 jest komfortowa, funkcjonalna, ale tak\u017ce estetycznie zachwycaj\u0105ca. Dzi\u0119ki po\u0142\u0105czeniu wysokiej jako\u015bci materia\u0142\u00f3w, detali vintage, nowoczesnych mebli oraz przemy\u015blanej koncepcji przestrzennej, mieszkanie to stanowi doskona\u0142y przyk\u0142ad harmonijnego po\u0142\u0105czenia r\u00f3\u017cnych styl\u00f3w, kt\u00f3re tworz\u0105 unikaln\u0105, eleganck\u0105 przestrze\u0144. Jest to miejsce, kt\u00f3re doskonale oddaje ducha warszawskiego Powi\u015bla, \u0142\u0105cz\u0105c histori\u0119 z nowoczesno\u015bci\u0105, a jednocze\u015bnie zapewniaj\u0105c wygod\u0119 i estetyczn\u0105 harmoni\u0119.<\/figcaption><\/figure>\n<\/div><\/figure>\n<\/div>\n\n\n\n<p><\/p>\n","protected":false},"excerpt":{"rendered":"Mieszkanie na Warszawskim Powi\u015blu w przedwojennej kamienicyApartament na warszawskim Powi\u015blu to doskona\u0142y przyk\u0142ad udanego po\u0142\u0105czenia klasycznego uroku przedwojennej kamienicy z nowoczesnymi trendami w aran\u017cacji wn\u0119trz. Mieszkanie,<span class=\"excerpt-hellip\"> [\u2026]<\/span>","protected":false},"author":1,"featured_media":2804,"menu_order":10,"comment_status":"closed","ping_status":"closed","template":"","meta":[],"portfolio-types":[17],"class_list":["post-2816","portfolio","type-portfolio","status-publish","has-post-thumbnail","hentry","portfolio-types-apartament"],"_links":{"self":[{"href":"https:\/\/archinterior.pl\/index.php\/wp-json\/wp\/v2\/portfolio\/2816","targetHints":{"allow":["GET"]}}],"collection":[{"href":"https:\/\/archinterior.pl\/index.php\/wp-json\/wp\/v2\/portfolio"}],"about":[{"href":"https:\/\/archinterior.pl\/index.php\/wp-json\/wp\/v2\/types\/portfolio"}],"author":[{"embeddable":true,"href":"https:\/\/archinterior.pl\/index.php\/wp-json\/wp\/v2\/users\/1"}],"replies":[{"embeddable":true,"href":"https:\/\/archinterior.pl\/index.php\/wp-json\/wp\/v2\/comments?post=2816"}],"wp:featuredmedia":[{"embeddable":true,"href":"https:\/\/archinterior.pl\/index.php\/wp-json\/wp\/v2\/media\/2804"}],"wp:attachment":[{"href":"https:\/\/archinterior.pl\/index.php\/wp-json\/wp\/v2\/media?parent=2816"}],"wp:term":[{"taxonomy":"portfolio-types","embeddable":true,"href":"https:\/\/archinterior.pl\/index.php\/wp-json\/wp\/v2\/portfolio-types?post=2816"}],"curies":[{"name":"wp","href":"https:\/\/api.w.org\/{rel}","templated":true}]}}